{"id":2474,"date":"2026-05-01T16:02:30","date_gmt":"2026-05-01T16:02:30","guid":{"rendered":"https:\/\/curtavitoriaaminas.com.br\/iv\/?page_id=2474"},"modified":"2026-05-01T16:58:56","modified_gmt":"2026-05-01T16:58:56","slug":"cvmiv-noticias","status":"publish","type":"page","link":"https:\/\/curtavitoriaaminas.com.br\/iv\/cvmiv-noticias\/","title":{"rendered":"Not\u00edcias"},"content":{"rendered":"\n<div style=\"height:20px\" aria-hidden=\"true\" class=\"wp-block-spacer\"><\/div>\n\n\n\n<div class=\"wp-block-uagb-container uagb-block-c96f28dd alignfull uagb-is-root-container\"><div class=\"uagb-container-inner-blocks-wrap\">\n<div class=\"wp-block-query is-layout-flow wp-block-query-is-layout-flow\"><ul style=\"margin-top:var(--wp--preset--spacing--20);margin-bottom:var(--wp--preset--spacing--20);\" class=\"wp-block-post-template is-layout-grid wp-container-core-post-template-is-layout-935bd077 wp-block-post-template-is-layout-grid\"><li class=\"wp-block-post post-2471 post type-post status-publish format-standard has-post-thumbnail hentry category-blog category-noticias-noticias\">\n\n<div class=\"wp-block-group is-layout-flow wp-container-core-group-is-layout-6069c483 wp-block-group-is-layout-flow\" style=\"margin-top:var(--wp--preset--spacing--20);margin-bottom:var(--wp--preset--spacing--30);padding-top:0;padding-right:0;padding-bottom:0;padding-left:0\"><figure style=\"aspect-ratio:4\/3; margin-top:4px;\" class=\"wp-block-post-featured-image\"><a href=\"https:\/\/curtavitoriaaminas.com.br\/iv\/cvm-iv-comeca-a-gravar-historias-nas-cidades-mineiras-e-capixabas\/\" target=\"_self\"  ><img loading=\"lazy\" decoding=\"async\" width=\"1600\" height=\"1066\" src=\"https:\/\/curtavitoriaaminas.com.br\/iv\/wp-content\/uploads\/Dia-1-Gravacao-Eu-Sou-e-Eu-Mesma-Poliana-Guerra-Nova-Era-CVM-IV-IMA-1.jpeg\" class=\"attachment-post-thumbnail size-post-thumbnail wp-post-image\" alt=\"CVM IV come\u00e7a a gravar hist\u00f3rias nas cidades mineiras e capixabas\" style=\"width:100%;height:100%;object-fit:cover;\" srcset=\"https:\/\/curtavitoriaaminas.com.br\/iv\/wp-content\/uploads\/Dia-1-Gravacao-Eu-Sou-e-Eu-Mesma-Poliana-Guerra-Nova-Era-CVM-IV-IMA-1.jpeg 1600w, https:\/\/curtavitoriaaminas.com.br\/iv\/wp-content\/uploads\/Dia-1-Gravacao-Eu-Sou-e-Eu-Mesma-Poliana-Guerra-Nova-Era-CVM-IV-IMA-1-300x200.jpeg 300w, https:\/\/curtavitoriaaminas.com.br\/iv\/wp-content\/uploads\/Dia-1-Gravacao-Eu-Sou-e-Eu-Mesma-Poliana-Guerra-Nova-Era-CVM-IV-IMA-1-1024x682.jpeg 1024w, https:\/\/curtavitoriaaminas.com.br\/iv\/wp-content\/uploads\/Dia-1-Gravacao-Eu-Sou-e-Eu-Mesma-Poliana-Guerra-Nova-Era-CVM-IV-IMA-1-768x512.jpeg 768w, https:\/\/curtavitoriaaminas.com.br\/iv\/wp-content\/uploads\/Dia-1-Gravacao-Eu-Sou-e-Eu-Mesma-Poliana-Guerra-Nova-Era-CVM-IV-IMA-1-1536x1023.jpeg 1536w\" sizes=\"auto, (max-width: 1600px) 100vw, 1600px\" \/><\/a><\/figure>\n\n\n<div class=\"wp-block-group is-nowrap is-layout-flex wp-container-core-group-is-layout-6c531013 wp-block-group-is-layout-flex\"><h3 style=\"margin-bottom:0px;\" class=\"has-link-color wp-elements-816bb11ed569fe5f33dbcd02e73a18be wp-block-post-title has-text-color has-accent-1-color\"><a href=\"https:\/\/curtavitoriaaminas.com.br\/iv\/cvm-iv-comeca-a-gravar-historias-nas-cidades-mineiras-e-capixabas\/\" target=\"_self\" >CVM IV come\u00e7a a gravar hist\u00f3rias nas cidades mineiras e capixabas<\/a><\/h3><\/div>\n\n\n\n\n<div style=\"margin-top:10px;margin-bottom:10px;\" class=\"has-link-color wp-elements-b7c51b0485869613ed9611f6d9b590c9 wp-block-post-date has-text-color has-accent-1-color\"><time datetime=\"2026-05-01T13:35:05+00:00\">01\/05\/2026<\/time><\/div><\/div>\n\n<\/li><li class=\"wp-block-post post-2463 post type-post status-publish format-standard has-post-thumbnail hentry category-blog category-noticias-noticias\">\n\n<div class=\"wp-block-group is-layout-flow wp-container-core-group-is-layout-6069c483 wp-block-group-is-layout-flow\" style=\"margin-top:var(--wp--preset--spacing--20);margin-bottom:var(--wp--preset--spacing--30);padding-top:0;padding-right:0;padding-bottom:0;padding-left:0\"><figure style=\"aspect-ratio:4\/3; margin-top:4px;\" class=\"wp-block-post-featured-image\"><a href=\"https:\/\/curtavitoriaaminas.com.br\/iv\/autoras-e-autores-avaliam-imersao-audiovisual\/\" target=\"_self\"  ><img loading=\"lazy\" decoding=\"async\" width=\"2560\" height=\"1707\" src=\"https:\/\/curtavitoriaaminas.com.br\/iv\/wp-content\/uploads\/Curso-audiovisual-Curta-Vitoria-a-Minas-IV-IMA-20-scaled.jpg\" class=\"attachment-post-thumbnail size-post-thumbnail wp-post-image\" alt=\"Autoras e autores avaliam imers\u00e3o audiovisual\" style=\"width:100%;height:100%;object-fit:cover;\" srcset=\"https:\/\/curtavitoriaaminas.com.br\/iv\/wp-content\/uploads\/Curso-audiovisual-Curta-Vitoria-a-Minas-IV-IMA-20-scaled.jpg 2560w, https:\/\/curtavitoriaaminas.com.br\/iv\/wp-content\/uploads\/Curso-audiovisual-Curta-Vitoria-a-Minas-IV-IMA-20-300x200.jpg 300w, https:\/\/curtavitoriaaminas.com.br\/iv\/wp-content\/uploads\/Curso-audiovisual-Curta-Vitoria-a-Minas-IV-IMA-20-1024x683.jpg 1024w, https:\/\/curtavitoriaaminas.com.br\/iv\/wp-content\/uploads\/Curso-audiovisual-Curta-Vitoria-a-Minas-IV-IMA-20-768x512.jpg 768w, https:\/\/curtavitoriaaminas.com.br\/iv\/wp-content\/uploads\/Curso-audiovisual-Curta-Vitoria-a-Minas-IV-IMA-20-1536x1024.jpg 1536w, https:\/\/curtavitoriaaminas.com.br\/iv\/wp-content\/uploads\/Curso-audiovisual-Curta-Vitoria-a-Minas-IV-IMA-20-2048x1365.jpg 2048w\" sizes=\"auto, (max-width: 2560px) 100vw, 2560px\" \/><\/a><\/figure>\n\n\n<div class=\"wp-block-group is-nowrap is-layout-flex wp-container-core-group-is-layout-6c531013 wp-block-group-is-layout-flex\"><h3 style=\"margin-bottom:0px;\" class=\"has-link-color wp-elements-816bb11ed569fe5f33dbcd02e73a18be wp-block-post-title has-text-color has-accent-1-color\"><a href=\"https:\/\/curtavitoriaaminas.com.br\/iv\/autoras-e-autores-avaliam-imersao-audiovisual\/\" target=\"_self\" >Autoras e autores avaliam imers\u00e3o audiovisual<\/a><\/h3><\/div>\n\n\n\n\n<div style=\"margin-top:10px;margin-bottom:10px;\" class=\"has-link-color wp-elements-b7c51b0485869613ed9611f6d9b590c9 wp-block-post-date has-text-color has-accent-1-color\"><time datetime=\"2025-12-12T19:13:55+00:00\">12\/12\/2025<\/time><\/div><\/div>\n\n<\/li><li class=\"wp-block-post post-2456 post type-post status-publish format-standard has-post-thumbnail hentry category-blog category-noticias-noticias\">\n\n<div class=\"wp-block-group is-layout-flow wp-container-core-group-is-layout-6069c483 wp-block-group-is-layout-flow\" style=\"margin-top:var(--wp--preset--spacing--20);margin-bottom:var(--wp--preset--spacing--30);padding-top:0;padding-right:0;padding-bottom:0;padding-left:0\"><figure style=\"aspect-ratio:4\/3; margin-top:4px;\" class=\"wp-block-post-featured-image\"><a href=\"https:\/\/curtavitoriaaminas.com.br\/iv\/montar-e-fazer-escolhas-e-relacoes\/\" target=\"_self\"  ><img loading=\"lazy\" decoding=\"async\" width=\"2560\" height=\"1335\" src=\"https:\/\/curtavitoriaaminas.com.br\/iv\/wp-content\/uploads\/Curso-audiovisual-Curta-Vitoria-a-Minas-IV-IMA-13-1-scaled-e1765476927260.jpg\" class=\"attachment-post-thumbnail size-post-thumbnail wp-post-image\" alt=\"Montar \u00e9 fazer escolhas e rela\u00e7\u00f5es\" style=\"width:100%;height:100%;object-fit:cover;\" srcset=\"https:\/\/curtavitoriaaminas.com.br\/iv\/wp-content\/uploads\/Curso-audiovisual-Curta-Vitoria-a-Minas-IV-IMA-13-1-scaled-e1765476927260.jpg 2560w, https:\/\/curtavitoriaaminas.com.br\/iv\/wp-content\/uploads\/Curso-audiovisual-Curta-Vitoria-a-Minas-IV-IMA-13-1-scaled-e1765476927260-300x156.jpg 300w, https:\/\/curtavitoriaaminas.com.br\/iv\/wp-content\/uploads\/Curso-audiovisual-Curta-Vitoria-a-Minas-IV-IMA-13-1-scaled-e1765476927260-1024x534.jpg 1024w, https:\/\/curtavitoriaaminas.com.br\/iv\/wp-content\/uploads\/Curso-audiovisual-Curta-Vitoria-a-Minas-IV-IMA-13-1-scaled-e1765476927260-768x401.jpg 768w, https:\/\/curtavitoriaaminas.com.br\/iv\/wp-content\/uploads\/Curso-audiovisual-Curta-Vitoria-a-Minas-IV-IMA-13-1-scaled-e1765476927260-1536x801.jpg 1536w, https:\/\/curtavitoriaaminas.com.br\/iv\/wp-content\/uploads\/Curso-audiovisual-Curta-Vitoria-a-Minas-IV-IMA-13-1-scaled-e1765476927260-2048x1068.jpg 2048w\" sizes=\"auto, (max-width: 2560px) 100vw, 2560px\" \/><\/a><\/figure>\n\n\n<div class=\"wp-block-group is-nowrap is-layout-flex wp-container-core-group-is-layout-6c531013 wp-block-group-is-layout-flex\"><h3 style=\"margin-bottom:0px;\" class=\"has-link-color wp-elements-816bb11ed569fe5f33dbcd02e73a18be wp-block-post-title has-text-color has-accent-1-color\"><a href=\"https:\/\/curtavitoriaaminas.com.br\/iv\/montar-e-fazer-escolhas-e-relacoes\/\" target=\"_self\" >Montar \u00e9 fazer escolhas e rela\u00e7\u00f5es<\/a><\/h3><\/div>\n\n\n\n\n<div style=\"margin-top:10px;margin-bottom:10px;\" class=\"has-link-color wp-elements-b7c51b0485869613ed9611f6d9b590c9 wp-block-post-date has-text-color has-accent-1-color\"><time datetime=\"2025-12-11T18:16:45+00:00\">11\/12\/2025<\/time><\/div><\/div>\n\n<\/li><li class=\"wp-block-post post-2278 post type-post status-publish format-standard has-post-thumbnail hentry category-blog category-noticias-noticias\">\n\n<div class=\"wp-block-group is-layout-flow wp-container-core-group-is-layout-6069c483 wp-block-group-is-layout-flow\" style=\"margin-top:var(--wp--preset--spacing--20);margin-bottom:var(--wp--preset--spacing--30);padding-top:0;padding-right:0;padding-bottom:0;padding-left:0\"><figure style=\"aspect-ratio:4\/3; margin-top:4px;\" class=\"wp-block-post-featured-image\"><a href=\"https:\/\/curtavitoriaaminas.com.br\/iv\/direcao-de-arte-para-alem-da-materialidade\/\" target=\"_self\"  ><img loading=\"lazy\" decoding=\"async\" width=\"2560\" height=\"1920\" src=\"https:\/\/curtavitoriaaminas.com.br\/iv\/wp-content\/uploads\/Curso-audiovisual-Curta-Vitoria-a-Minas-IV-IMA-7-scaled.jpg\" class=\"attachment-post-thumbnail size-post-thumbnail wp-post-image\" alt=\"Dire\u00e7\u00e3o de arte: para al\u00e9m da materialidade\" style=\"width:100%;height:100%;object-fit:cover;\" srcset=\"https:\/\/curtavitoriaaminas.com.br\/iv\/wp-content\/uploads\/Curso-audiovisual-Curta-Vitoria-a-Minas-IV-IMA-7-scaled.jpg 2560w, https:\/\/curtavitoriaaminas.com.br\/iv\/wp-content\/uploads\/Curso-audiovisual-Curta-Vitoria-a-Minas-IV-IMA-7-300x225.jpg 300w, https:\/\/curtavitoriaaminas.com.br\/iv\/wp-content\/uploads\/Curso-audiovisual-Curta-Vitoria-a-Minas-IV-IMA-7-1024x768.jpg 1024w, https:\/\/curtavitoriaaminas.com.br\/iv\/wp-content\/uploads\/Curso-audiovisual-Curta-Vitoria-a-Minas-IV-IMA-7-768x576.jpg 768w, https:\/\/curtavitoriaaminas.com.br\/iv\/wp-content\/uploads\/Curso-audiovisual-Curta-Vitoria-a-Minas-IV-IMA-7-1536x1152.jpg 1536w, https:\/\/curtavitoriaaminas.com.br\/iv\/wp-content\/uploads\/Curso-audiovisual-Curta-Vitoria-a-Minas-IV-IMA-7-2048x1536.jpg 2048w\" sizes=\"auto, (max-width: 2560px) 100vw, 2560px\" \/><\/a><\/figure>\n\n\n<div class=\"wp-block-group is-nowrap is-layout-flex wp-container-core-group-is-layout-6c531013 wp-block-group-is-layout-flex\"><h3 style=\"margin-bottom:0px;\" class=\"has-link-color wp-elements-816bb11ed569fe5f33dbcd02e73a18be wp-block-post-title has-text-color has-accent-1-color\"><a href=\"https:\/\/curtavitoriaaminas.com.br\/iv\/direcao-de-arte-para-alem-da-materialidade\/\" target=\"_self\" >Dire\u00e7\u00e3o de arte: para al\u00e9m da materialidade<\/a><\/h3><\/div>\n\n\n\n\n<div style=\"margin-top:10px;margin-bottom:10px;\" class=\"has-link-color wp-elements-b7c51b0485869613ed9611f6d9b590c9 wp-block-post-date has-text-color has-accent-1-color\"><time datetime=\"2025-12-06T14:55:08+00:00\">06\/12\/2025<\/time><\/div><\/div>\n\n<\/li><li class=\"wp-block-post post-2274 post type-post status-publish format-standard has-post-thumbnail hentry category-blog category-noticias-noticias\">\n\n<div class=\"wp-block-group is-layout-flow wp-container-core-group-is-layout-6069c483 wp-block-group-is-layout-flow\" style=\"margin-top:var(--wp--preset--spacing--20);margin-bottom:var(--wp--preset--spacing--30);padding-top:0;padding-right:0;padding-bottom:0;padding-left:0\"><figure style=\"aspect-ratio:4\/3; margin-top:4px;\" class=\"wp-block-post-featured-image\"><a href=\"https:\/\/curtavitoriaaminas.com.br\/iv\/a-dimensao-emocional-do-som-no-cinema\/\" target=\"_self\"  ><img loading=\"lazy\" decoding=\"async\" width=\"2560\" height=\"1707\" src=\"https:\/\/curtavitoriaaminas.com.br\/iv\/wp-content\/uploads\/Curso-audiovisual-Curta-Vitoria-a-Minas-IV-IMA-27-scaled.jpg\" class=\"attachment-post-thumbnail size-post-thumbnail wp-post-image\" alt=\"A dimens\u00e3o emocional do som no cinema\" style=\"width:100%;height:100%;object-fit:cover;\" srcset=\"https:\/\/curtavitoriaaminas.com.br\/iv\/wp-content\/uploads\/Curso-audiovisual-Curta-Vitoria-a-Minas-IV-IMA-27-scaled.jpg 2560w, https:\/\/curtavitoriaaminas.com.br\/iv\/wp-content\/uploads\/Curso-audiovisual-Curta-Vitoria-a-Minas-IV-IMA-27-300x200.jpg 300w, https:\/\/curtavitoriaaminas.com.br\/iv\/wp-content\/uploads\/Curso-audiovisual-Curta-Vitoria-a-Minas-IV-IMA-27-1024x683.jpg 1024w, https:\/\/curtavitoriaaminas.com.br\/iv\/wp-content\/uploads\/Curso-audiovisual-Curta-Vitoria-a-Minas-IV-IMA-27-768x512.jpg 768w, https:\/\/curtavitoriaaminas.com.br\/iv\/wp-content\/uploads\/Curso-audiovisual-Curta-Vitoria-a-Minas-IV-IMA-27-1536x1024.jpg 1536w, https:\/\/curtavitoriaaminas.com.br\/iv\/wp-content\/uploads\/Curso-audiovisual-Curta-Vitoria-a-Minas-IV-IMA-27-2048x1365.jpg 2048w\" sizes=\"auto, (max-width: 2560px) 100vw, 2560px\" \/><\/a><\/figure>\n\n\n<div class=\"wp-block-group is-nowrap is-layout-flex wp-container-core-group-is-layout-6c531013 wp-block-group-is-layout-flex\"><h3 style=\"margin-bottom:0px;\" class=\"has-link-color wp-elements-816bb11ed569fe5f33dbcd02e73a18be wp-block-post-title has-text-color has-accent-1-color\"><a href=\"https:\/\/curtavitoriaaminas.com.br\/iv\/a-dimensao-emocional-do-som-no-cinema\/\" target=\"_self\" >A dimens\u00e3o emocional do som no cinema<\/a><\/h3><\/div>\n\n\n\n\n<div style=\"margin-top:10px;margin-bottom:10px;\" class=\"has-link-color wp-elements-b7c51b0485869613ed9611f6d9b590c9 wp-block-post-date has-text-color has-accent-1-color\"><time datetime=\"2025-12-05T20:25:54+00:00\">05\/12\/2025<\/time><\/div><\/div>\n\n<\/li><li class=\"wp-block-post post-2241 post type-post status-publish format-standard has-post-thumbnail hentry category-blog category-noticias-noticias\">\n\n<div class=\"wp-block-group is-layout-flow wp-container-core-group-is-layout-6069c483 wp-block-group-is-layout-flow\" style=\"margin-top:var(--wp--preset--spacing--20);margin-bottom:var(--wp--preset--spacing--30);padding-top:0;padding-right:0;padding-bottom:0;padding-left:0\"><figure style=\"aspect-ratio:4\/3; margin-top:4px;\" class=\"wp-block-post-featured-image\"><a href=\"https:\/\/curtavitoriaaminas.com.br\/iv\/o-filme-acontece-dentro-e-fora-do-quadro\/\" target=\"_self\"  ><img loading=\"lazy\" decoding=\"async\" width=\"2560\" height=\"1084\" src=\"https:\/\/curtavitoriaaminas.com.br\/iv\/wp-content\/uploads\/Set-de-filmagem-scaled-e1764896896853.jpg\" class=\"attachment-post-thumbnail size-post-thumbnail wp-post-image\" alt=\"O filme acontece dentro e fora do quadro\" style=\"width:100%;height:100%;object-fit:cover;\" srcset=\"https:\/\/curtavitoriaaminas.com.br\/iv\/wp-content\/uploads\/Set-de-filmagem-scaled-e1764896896853.jpg 2560w, https:\/\/curtavitoriaaminas.com.br\/iv\/wp-content\/uploads\/Set-de-filmagem-scaled-e1764896896853-300x127.jpg 300w, https:\/\/curtavitoriaaminas.com.br\/iv\/wp-content\/uploads\/Set-de-filmagem-scaled-e1764896896853-1024x434.jpg 1024w, https:\/\/curtavitoriaaminas.com.br\/iv\/wp-content\/uploads\/Set-de-filmagem-scaled-e1764896896853-768x325.jpg 768w, https:\/\/curtavitoriaaminas.com.br\/iv\/wp-content\/uploads\/Set-de-filmagem-scaled-e1764896896853-1536x650.jpg 1536w, https:\/\/curtavitoriaaminas.com.br\/iv\/wp-content\/uploads\/Set-de-filmagem-scaled-e1764896896853-2048x867.jpg 2048w\" sizes=\"auto, (max-width: 2560px) 100vw, 2560px\" \/><\/a><\/figure>\n\n\n<div class=\"wp-block-group is-nowrap is-layout-flex wp-container-core-group-is-layout-6c531013 wp-block-group-is-layout-flex\"><h3 style=\"margin-bottom:0px;\" class=\"has-link-color wp-elements-816bb11ed569fe5f33dbcd02e73a18be wp-block-post-title has-text-color has-accent-1-color\"><a href=\"https:\/\/curtavitoriaaminas.com.br\/iv\/o-filme-acontece-dentro-e-fora-do-quadro\/\" target=\"_self\" >O filme acontece dentro e fora do quadro<\/a><\/h3><\/div>\n\n\n\n\n<div style=\"margin-top:10px;margin-bottom:10px;\" class=\"has-link-color wp-elements-b7c51b0485869613ed9611f6d9b590c9 wp-block-post-date has-text-color has-accent-1-color\"><time datetime=\"2025-12-05T01:09:40+00:00\">05\/12\/2025<\/time><\/div><\/div>\n\n<\/li><li class=\"wp-block-post post-2201 post type-post status-publish format-standard has-post-thumbnail hentry category-blog category-noticias-noticias\">\n\n<div class=\"wp-block-group is-layout-flow wp-container-core-group-is-layout-6069c483 wp-block-group-is-layout-flow\" style=\"margin-top:var(--wp--preset--spacing--20);margin-bottom:var(--wp--preset--spacing--30);padding-top:0;padding-right:0;padding-bottom:0;padding-left:0\"><figure style=\"aspect-ratio:4\/3; margin-top:4px;\" class=\"wp-block-post-featured-image\"><a href=\"https:\/\/curtavitoriaaminas.com.br\/iv\/o-impacto-do-set-de-filmagem\/\" target=\"_self\"  ><img loading=\"lazy\" decoding=\"async\" width=\"2400\" height=\"1600\" src=\"https:\/\/curtavitoriaaminas.com.br\/iv\/wp-content\/uploads\/ofc_dia8_021225-12.jpg\" class=\"attachment-post-thumbnail size-post-thumbnail wp-post-image\" alt=\"O impacto do set de filmagem\" style=\"width:100%;height:100%;object-fit:cover;\" srcset=\"https:\/\/curtavitoriaaminas.com.br\/iv\/wp-content\/uploads\/ofc_dia8_021225-12.jpg 2400w, https:\/\/curtavitoriaaminas.com.br\/iv\/wp-content\/uploads\/ofc_dia8_021225-12-300x200.jpg 300w, https:\/\/curtavitoriaaminas.com.br\/iv\/wp-content\/uploads\/ofc_dia8_021225-12-1024x683.jpg 1024w, https:\/\/curtavitoriaaminas.com.br\/iv\/wp-content\/uploads\/ofc_dia8_021225-12-768x512.jpg 768w, https:\/\/curtavitoriaaminas.com.br\/iv\/wp-content\/uploads\/ofc_dia8_021225-12-1536x1024.jpg 1536w, https:\/\/curtavitoriaaminas.com.br\/iv\/wp-content\/uploads\/ofc_dia8_021225-12-2048x1365.jpg 2048w\" sizes=\"auto, (max-width: 2400px) 100vw, 2400px\" \/><\/a><\/figure>\n\n\n<div class=\"wp-block-group is-nowrap is-layout-flex wp-container-core-group-is-layout-6c531013 wp-block-group-is-layout-flex\"><h3 style=\"margin-bottom:0px;\" class=\"has-link-color wp-elements-816bb11ed569fe5f33dbcd02e73a18be wp-block-post-title has-text-color has-accent-1-color\"><a href=\"https:\/\/curtavitoriaaminas.com.br\/iv\/o-impacto-do-set-de-filmagem\/\" target=\"_self\" >O impacto do set de filmagem<\/a><\/h3><\/div>\n\n\n\n\n<div style=\"margin-top:10px;margin-bottom:10px;\" class=\"has-link-color wp-elements-b7c51b0485869613ed9611f6d9b590c9 wp-block-post-date has-text-color has-accent-1-color\"><time datetime=\"2025-12-03T22:13:28+00:00\">03\/12\/2025<\/time><\/div><\/div>\n\n<\/li><li class=\"wp-block-post post-1994 post type-post status-publish format-standard has-post-thumbnail hentry category-noticias-noticias\">\n\n<div class=\"wp-block-group is-layout-flow wp-container-core-group-is-layout-6069c483 wp-block-group-is-layout-flow\" style=\"margin-top:var(--wp--preset--spacing--20);margin-bottom:var(--wp--preset--spacing--30);padding-top:0;padding-right:0;padding-bottom:0;padding-left:0\"><figure style=\"aspect-ratio:4\/3; margin-top:4px;\" class=\"wp-block-post-featured-image\"><a href=\"https:\/\/curtavitoriaaminas.com.br\/iv\/a-producao-e-a-materialidade-do-sonho\/\" target=\"_self\"  ><img loading=\"lazy\" decoding=\"async\" width=\"1920\" height=\"1280\" src=\"https:\/\/curtavitoriaaminas.com.br\/iv\/wp-content\/uploads\/ofcina_dia6_2911-3.jpg\" class=\"attachment-post-thumbnail size-post-thumbnail wp-post-image\" alt=\"A produ\u00e7\u00e3o e a materialidade do sonho\" style=\"width:100%;height:100%;object-fit:cover;\" srcset=\"https:\/\/curtavitoriaaminas.com.br\/iv\/wp-content\/uploads\/ofcina_dia6_2911-3.jpg 1920w, https:\/\/curtavitoriaaminas.com.br\/iv\/wp-content\/uploads\/ofcina_dia6_2911-3-300x200.jpg 300w, https:\/\/curtavitoriaaminas.com.br\/iv\/wp-content\/uploads\/ofcina_dia6_2911-3-1024x683.jpg 1024w, https:\/\/curtavitoriaaminas.com.br\/iv\/wp-content\/uploads\/ofcina_dia6_2911-3-768x512.jpg 768w, https:\/\/curtavitoriaaminas.com.br\/iv\/wp-content\/uploads\/ofcina_dia6_2911-3-1536x1024.jpg 1536w\" sizes=\"auto, (max-width: 1920px) 100vw, 1920px\" \/><\/a><\/figure>\n\n\n<div class=\"wp-block-group is-nowrap is-layout-flex wp-container-core-group-is-layout-6c531013 wp-block-group-is-layout-flex\"><h3 style=\"margin-bottom:0px;\" class=\"has-link-color wp-elements-816bb11ed569fe5f33dbcd02e73a18be wp-block-post-title has-text-color has-accent-1-color\"><a href=\"https:\/\/curtavitoriaaminas.com.br\/iv\/a-producao-e-a-materialidade-do-sonho\/\" target=\"_self\" >A produ\u00e7\u00e3o e a materialidade do sonho<\/a><\/h3><\/div>\n\n\n\n\n<div style=\"margin-top:10px;margin-bottom:10px;\" class=\"has-link-color wp-elements-b7c51b0485869613ed9611f6d9b590c9 wp-block-post-date has-text-color has-accent-1-color\"><time datetime=\"2025-11-30T01:04:51+00:00\">30\/11\/2025<\/time><\/div><\/div>\n\n<\/li><li class=\"wp-block-post post-1864 post type-post status-publish format-standard has-post-thumbnail hentry category-blog category-noticias-noticias\">\n\n<div class=\"wp-block-group is-layout-flow wp-container-core-group-is-layout-6069c483 wp-block-group-is-layout-flow\" style=\"margin-top:var(--wp--preset--spacing--20);margin-bottom:var(--wp--preset--spacing--30);padding-top:0;padding-right:0;padding-bottom:0;padding-left:0\"><figure style=\"aspect-ratio:4\/3; margin-top:4px;\" class=\"wp-block-post-featured-image\"><a href=\"https:\/\/curtavitoriaaminas.com.br\/iv\/por-um-cinema-dos-sentidos-antes-de-comecar\/\" target=\"_self\"  ><img loading=\"lazy\" decoding=\"async\" width=\"1920\" height=\"1280\" src=\"https:\/\/curtavitoriaaminas.com.br\/iv\/wp-content\/uploads\/26nov25_cvmdia3-18.jpg\" class=\"attachment-post-thumbnail size-post-thumbnail wp-post-image\" alt=\"Por um cinema dos sentidos antes de come\u00e7ar\" style=\"width:100%;height:100%;object-fit:cover;\" srcset=\"https:\/\/curtavitoriaaminas.com.br\/iv\/wp-content\/uploads\/26nov25_cvmdia3-18.jpg 1920w, https:\/\/curtavitoriaaminas.com.br\/iv\/wp-content\/uploads\/26nov25_cvmdia3-18-300x200.jpg 300w, https:\/\/curtavitoriaaminas.com.br\/iv\/wp-content\/uploads\/26nov25_cvmdia3-18-1024x683.jpg 1024w, https:\/\/curtavitoriaaminas.com.br\/iv\/wp-content\/uploads\/26nov25_cvmdia3-18-768x512.jpg 768w, https:\/\/curtavitoriaaminas.com.br\/iv\/wp-content\/uploads\/26nov25_cvmdia3-18-1536x1024.jpg 1536w\" sizes=\"auto, (max-width: 1920px) 100vw, 1920px\" \/><\/a><\/figure>\n\n\n<div class=\"wp-block-group is-nowrap is-layout-flex wp-container-core-group-is-layout-6c531013 wp-block-group-is-layout-flex\"><h3 style=\"margin-bottom:0px;\" class=\"has-link-color wp-elements-816bb11ed569fe5f33dbcd02e73a18be wp-block-post-title has-text-color has-accent-1-color\"><a href=\"https:\/\/curtavitoriaaminas.com.br\/iv\/por-um-cinema-dos-sentidos-antes-de-comecar\/\" target=\"_self\" >Por um cinema dos sentidos antes de come\u00e7ar<\/a><\/h3><\/div>\n\n\n\n\n<div style=\"margin-top:10px;margin-bottom:10px;\" class=\"has-link-color wp-elements-b7c51b0485869613ed9611f6d9b590c9 wp-block-post-date has-text-color has-accent-1-color\"><time datetime=\"2025-11-28T15:59:14+00:00\">28\/11\/2025<\/time><\/div><\/div>\n\n<\/li><li class=\"wp-block-post post-1627 post type-post status-publish format-standard has-post-thumbnail hentry category-blog category-noticias-noticias\">\n\n<div class=\"wp-block-group is-layout-flow wp-container-core-group-is-layout-6069c483 wp-block-group-is-layout-flow\" style=\"margin-top:var(--wp--preset--spacing--20);margin-bottom:var(--wp--preset--spacing--30);padding-top:0;padding-right:0;padding-bottom:0;padding-left:0\"><figure style=\"aspect-ratio:4\/3; margin-top:4px;\" class=\"wp-block-post-featured-image\"><a href=\"https:\/\/curtavitoriaaminas.com.br\/iv\/a-hora-e-de-encontrar-o-filme-dentro-da-historia\/\" target=\"_self\"  ><img loading=\"lazy\" decoding=\"async\" width=\"1360\" height=\"960\" src=\"https:\/\/curtavitoriaaminas.com.br\/iv\/wp-content\/uploads\/CVM-IV-Aula-de-roteiro-e-direcao-3-scaled-e1764262868882.jpg\" class=\"attachment-post-thumbnail size-post-thumbnail wp-post-image\" alt=\"A hora \u00e9 de encontrar o filme dentro da hist\u00f3ria\" style=\"width:100%;height:100%;object-fit:cover;\" srcset=\"https:\/\/curtavitoriaaminas.com.br\/iv\/wp-content\/uploads\/CVM-IV-Aula-de-roteiro-e-direcao-3-scaled-e1764262868882.jpg 1360w, https:\/\/curtavitoriaaminas.com.br\/iv\/wp-content\/uploads\/CVM-IV-Aula-de-roteiro-e-direcao-3-scaled-e1764262868882-300x212.jpg 300w, https:\/\/curtavitoriaaminas.com.br\/iv\/wp-content\/uploads\/CVM-IV-Aula-de-roteiro-e-direcao-3-scaled-e1764262868882-1024x723.jpg 1024w, https:\/\/curtavitoriaaminas.com.br\/iv\/wp-content\/uploads\/CVM-IV-Aula-de-roteiro-e-direcao-3-scaled-e1764262868882-768x542.jpg 768w\" sizes=\"auto, (max-width: 1360px) 100vw, 1360px\" \/><\/a><\/figure>\n\n\n<div class=\"wp-block-group is-nowrap is-layout-flex wp-container-core-group-is-layout-6c531013 wp-block-group-is-layout-flex\"><h3 style=\"margin-bottom:0px;\" class=\"has-link-color wp-elements-816bb11ed569fe5f33dbcd02e73a18be wp-block-post-title has-text-color has-accent-1-color\"><a href=\"https:\/\/curtavitoriaaminas.com.br\/iv\/a-hora-e-de-encontrar-o-filme-dentro-da-historia\/\" target=\"_self\" >A hora \u00e9 de encontrar o filme dentro da hist\u00f3ria<\/a><\/h3><\/div>\n\n\n\n\n<div style=\"margin-top:10px;margin-bottom:10px;\" class=\"has-link-color wp-elements-b7c51b0485869613ed9611f6d9b590c9 wp-block-post-date has-text-color has-accent-1-color\"><time datetime=\"2025-11-27T17:04:59+00:00\">27\/11\/2025<\/time><\/div><\/div>\n\n<\/li><li class=\"wp-block-post post-1555 post type-post status-publish format-standard has-post-thumbnail hentry category-blog category-noticias-noticias\">\n\n<div class=\"wp-block-group is-layout-flow wp-container-core-group-is-layout-6069c483 wp-block-group-is-layout-flow\" style=\"margin-top:var(--wp--preset--spacing--20);margin-bottom:var(--wp--preset--spacing--30);padding-top:0;padding-right:0;padding-bottom:0;padding-left:0\"><figure style=\"aspect-ratio:4\/3; margin-top:4px;\" class=\"wp-block-post-featured-image\"><a href=\"https:\/\/curtavitoriaaminas.com.br\/iv\/que-historia-e-essa-cvm-iv\/\" target=\"_self\"  ><img loading=\"lazy\" decoding=\"async\" width=\"2560\" height=\"1920\" src=\"https:\/\/curtavitoriaaminas.com.br\/iv\/wp-content\/uploads\/CVM-IV-Aula-de-apresentacao-das-historias-11-scaled.jpg\" class=\"attachment-post-thumbnail size-post-thumbnail wp-post-image\" alt=\"Que hist\u00f3ria \u00e9 essa, CVM IV?\" style=\"width:100%;height:100%;object-fit:cover;\" srcset=\"https:\/\/curtavitoriaaminas.com.br\/iv\/wp-content\/uploads\/CVM-IV-Aula-de-apresentacao-das-historias-11-scaled.jpg 2560w, https:\/\/curtavitoriaaminas.com.br\/iv\/wp-content\/uploads\/CVM-IV-Aula-de-apresentacao-das-historias-11-300x225.jpg 300w, https:\/\/curtavitoriaaminas.com.br\/iv\/wp-content\/uploads\/CVM-IV-Aula-de-apresentacao-das-historias-11-1024x768.jpg 1024w, https:\/\/curtavitoriaaminas.com.br\/iv\/wp-content\/uploads\/CVM-IV-Aula-de-apresentacao-das-historias-11-768x576.jpg 768w, https:\/\/curtavitoriaaminas.com.br\/iv\/wp-content\/uploads\/CVM-IV-Aula-de-apresentacao-das-historias-11-1536x1152.jpg 1536w, https:\/\/curtavitoriaaminas.com.br\/iv\/wp-content\/uploads\/CVM-IV-Aula-de-apresentacao-das-historias-11-2048x1536.jpg 2048w\" sizes=\"auto, (max-width: 2560px) 100vw, 2560px\" \/><\/a><\/figure>\n\n\n<div class=\"wp-block-group is-nowrap is-layout-flex wp-container-core-group-is-layout-6c531013 wp-block-group-is-layout-flex\"><h3 style=\"margin-bottom:0px;\" class=\"has-link-color wp-elements-816bb11ed569fe5f33dbcd02e73a18be wp-block-post-title has-text-color has-accent-1-color\"><a href=\"https:\/\/curtavitoriaaminas.com.br\/iv\/que-historia-e-essa-cvm-iv\/\" target=\"_self\" >Que hist\u00f3ria \u00e9 essa, CVM IV?<\/a><\/h3><\/div>\n\n\n\n\n<div style=\"margin-top:10px;margin-bottom:10px;\" class=\"has-link-color wp-elements-b7c51b0485869613ed9611f6d9b590c9 wp-block-post-date has-text-color has-accent-1-color\"><time datetime=\"2025-11-26T16:17:06+00:00\">26\/11\/2025<\/time><\/div><\/div>\n\n<\/li><li class=\"wp-block-post post-1369 post type-post status-publish format-standard has-post-thumbnail hentry category-noticias-noticias\">\n\n<div class=\"wp-block-group is-layout-flow wp-container-core-group-is-layout-6069c483 wp-block-group-is-layout-flow\" style=\"margin-top:var(--wp--preset--spacing--20);margin-bottom:var(--wp--preset--spacing--30);padding-top:0;padding-right:0;padding-bottom:0;padding-left:0\"><figure style=\"aspect-ratio:4\/3; margin-top:4px;\" class=\"wp-block-post-featured-image\"><a href=\"https:\/\/curtavitoriaaminas.com.br\/iv\/vitoria-es-recebe-autores-e-autoras-do-curta-vitoria-a-minas-iv-para-imersao-audiovisual\/\" target=\"_self\"  ><img loading=\"lazy\" decoding=\"async\" width=\"1280\" height=\"854\" src=\"https:\/\/curtavitoriaaminas.com.br\/iv\/wp-content\/uploads\/PHOTO-2025-11-25-09-13-41.jpg\" class=\"attachment-post-thumbnail size-post-thumbnail wp-post-image\" alt=\"Vit\u00f3ria (ES) recebe autores e autoras do Curta Vit\u00f3ria a Minas IV para imers\u00e3o audiovisual\" style=\"width:100%;height:100%;object-fit:cover;\" srcset=\"https:\/\/curtavitoriaaminas.com.br\/iv\/wp-content\/uploads\/PHOTO-2025-11-25-09-13-41.jpg 1280w, https:\/\/curtavitoriaaminas.com.br\/iv\/wp-content\/uploads\/PHOTO-2025-11-25-09-13-41-300x200.jpg 300w, https:\/\/curtavitoriaaminas.com.br\/iv\/wp-content\/uploads\/PHOTO-2025-11-25-09-13-41-1024x683.jpg 1024w, https:\/\/curtavitoriaaminas.com.br\/iv\/wp-content\/uploads\/PHOTO-2025-11-25-09-13-41-768x512.jpg 768w\" sizes=\"auto, (max-width: 1280px) 100vw, 1280px\" \/><\/a><\/figure>\n\n\n<div class=\"wp-block-group is-nowrap is-layout-flex wp-container-core-group-is-layout-6c531013 wp-block-group-is-layout-flex\"><h3 style=\"margin-bottom:0px;\" class=\"has-link-color wp-elements-816bb11ed569fe5f33dbcd02e73a18be wp-block-post-title has-text-color has-accent-1-color\"><a href=\"https:\/\/curtavitoriaaminas.com.br\/iv\/vitoria-es-recebe-autores-e-autoras-do-curta-vitoria-a-minas-iv-para-imersao-audiovisual\/\" target=\"_self\" >Vit\u00f3ria (ES) recebe autores e autoras do Curta Vit\u00f3ria a Minas IV para imers\u00e3o audiovisual<\/a><\/h3><\/div>\n\n\n\n\n<div style=\"margin-top:10px;margin-bottom:10px;\" class=\"has-link-color wp-elements-b7c51b0485869613ed9611f6d9b590c9 wp-block-post-date has-text-color has-accent-1-color\"><time datetime=\"2025-11-25T21:41:46+00:00\">25\/11\/2025<\/time><\/div><\/div>\n\n<\/li><li class=\"wp-block-post post-1211 post type-post status-publish format-standard has-post-thumbnail hentry category-noticias-noticias\">\n\n<div class=\"wp-block-group is-layout-flow wp-container-core-group-is-layout-6069c483 wp-block-group-is-layout-flow\" style=\"margin-top:var(--wp--preset--spacing--20);margin-bottom:var(--wp--preset--spacing--30);padding-top:0;padding-right:0;padding-bottom:0;padding-left:0\"><figure style=\"aspect-ratio:4\/3; margin-top:4px;\" class=\"wp-block-post-featured-image\"><a href=\"https:\/\/curtavitoriaaminas.com.br\/iv\/instituto-marlin-azul-divulga-selecionados-do-concurso-de-historias-do-curta-vitoria-a-minas-iv\/\" target=\"_self\"  ><img loading=\"lazy\" decoding=\"async\" width=\"1200\" height=\"1600\" src=\"https:\/\/curtavitoriaaminas.com.br\/iv\/wp-content\/uploads\/Foto_Mat.3_Site_2.jpeg\" class=\"attachment-post-thumbnail size-post-thumbnail wp-post-image\" alt=\"Instituto Marlin Azul divulga selecionados do Concurso de Hist\u00f3rias do Curta Vit\u00f3ria a Minas IV\" style=\"width:100%;height:100%;object-fit:cover;\" srcset=\"https:\/\/curtavitoriaaminas.com.br\/iv\/wp-content\/uploads\/Foto_Mat.3_Site_2.jpeg 1200w, https:\/\/curtavitoriaaminas.com.br\/iv\/wp-content\/uploads\/Foto_Mat.3_Site_2-225x300.jpeg 225w, https:\/\/curtavitoriaaminas.com.br\/iv\/wp-content\/uploads\/Foto_Mat.3_Site_2-768x1024.jpeg 768w, https:\/\/curtavitoriaaminas.com.br\/iv\/wp-content\/uploads\/Foto_Mat.3_Site_2-1152x1536.jpeg 1152w\" sizes=\"auto, (max-width: 1200px) 100vw, 1200px\" \/><\/a><\/figure>\n\n\n<div class=\"wp-block-group is-nowrap is-layout-flex wp-container-core-group-is-layout-6c531013 wp-block-group-is-layout-flex\"><h3 style=\"margin-bottom:0px;\" class=\"has-link-color wp-elements-816bb11ed569fe5f33dbcd02e73a18be wp-block-post-title has-text-color has-accent-1-color\"><a href=\"https:\/\/curtavitoriaaminas.com.br\/iv\/instituto-marlin-azul-divulga-selecionados-do-concurso-de-historias-do-curta-vitoria-a-minas-iv\/\" target=\"_self\" >Instituto Marlin Azul divulga selecionados do Concurso de Hist\u00f3rias do Curta Vit\u00f3ria a Minas IV<\/a><\/h3><\/div>\n\n\n\n\n<div style=\"margin-top:10px;margin-bottom:10px;\" class=\"has-link-color wp-elements-b7c51b0485869613ed9611f6d9b590c9 wp-block-post-date has-text-color has-accent-1-color\"><time datetime=\"2025-11-20T20:02:34+00:00\">20\/11\/2025<\/time><\/div><\/div>\n\n<\/li><li class=\"wp-block-post post-1090 post type-post status-publish format-standard has-post-thumbnail hentry category-noticias-noticias\">\n\n<div class=\"wp-block-group is-layout-flow wp-container-core-group-is-layout-6069c483 wp-block-group-is-layout-flow\" style=\"margin-top:var(--wp--preset--spacing--20);margin-bottom:var(--wp--preset--spacing--30);padding-top:0;padding-right:0;padding-bottom:0;padding-left:0\"><figure style=\"aspect-ratio:4\/3; margin-top:4px;\" class=\"wp-block-post-featured-image\"><a href=\"https:\/\/curtavitoriaaminas.com.br\/iv\/concurso-de-historias-do-curta-vitoria-a-minas-iv-tem-inscricoes-prorrogadas-ate-30-de-setembro\/\" target=\"_self\"  ><img loading=\"lazy\" decoding=\"async\" width=\"1280\" height=\"960\" src=\"https:\/\/curtavitoriaaminas.com.br\/iv\/wp-content\/uploads\/Foto_Mat.2_Site.jpeg\" class=\"attachment-post-thumbnail size-post-thumbnail wp-post-image\" alt=\"Concurso de Hist\u00f3rias do Curta Vit\u00f3ria a Minas IV tem inscri\u00e7\u00f5es prorrogadas at\u00e9 30 de setembro\" style=\"width:100%;height:100%;object-fit:cover;\" srcset=\"https:\/\/curtavitoriaaminas.com.br\/iv\/wp-content\/uploads\/Foto_Mat.2_Site.jpeg 1280w, https:\/\/curtavitoriaaminas.com.br\/iv\/wp-content\/uploads\/Foto_Mat.2_Site-300x225.jpeg 300w, https:\/\/curtavitoriaaminas.com.br\/iv\/wp-content\/uploads\/Foto_Mat.2_Site-1024x768.jpeg 1024w, https:\/\/curtavitoriaaminas.com.br\/iv\/wp-content\/uploads\/Foto_Mat.2_Site-768x576.jpeg 768w\" sizes=\"auto, (max-width: 1280px) 100vw, 1280px\" \/><\/a><\/figure>\n\n\n<div class=\"wp-block-group is-nowrap is-layout-flex wp-container-core-group-is-layout-6c531013 wp-block-group-is-layout-flex\"><h3 style=\"margin-bottom:0px;\" class=\"has-link-color wp-elements-816bb11ed569fe5f33dbcd02e73a18be wp-block-post-title has-text-color has-accent-1-color\"><a href=\"https:\/\/curtavitoriaaminas.com.br\/iv\/concurso-de-historias-do-curta-vitoria-a-minas-iv-tem-inscricoes-prorrogadas-ate-30-de-setembro\/\" target=\"_self\" >Concurso de Hist\u00f3rias do Curta Vit\u00f3ria a Minas IV tem inscri\u00e7\u00f5es prorrogadas at\u00e9 30 de setembro<\/a><\/h3><\/div>\n\n\n\n\n<div style=\"margin-top:10px;margin-bottom:10px;\" class=\"has-link-color wp-elements-b7c51b0485869613ed9611f6d9b590c9 wp-block-post-date has-text-color has-accent-1-color\"><time datetime=\"2025-09-25T11:58:36+00:00\">25\/09\/2025<\/time><\/div><\/div>\n\n<\/li><li class=\"wp-block-post post-1135 post type-post status-publish format-standard has-post-thumbnail hentry category-noticias-noticias\">\n\n<div class=\"wp-block-group is-layout-flow wp-container-core-group-is-layout-6069c483 wp-block-group-is-layout-flow\" style=\"margin-top:var(--wp--preset--spacing--20);margin-bottom:var(--wp--preset--spacing--30);padding-top:0;padding-right:0;padding-bottom:0;padding-left:0\"><figure style=\"aspect-ratio:4\/3; margin-top:4px;\" class=\"wp-block-post-featured-image\"><a href=\"https:\/\/curtavitoriaaminas.com.br\/iv\/curta-vitoria-a-minas-lanca-quarta-edicao-do-concurso-de-historias-que-viram-filmes\/\" target=\"_self\"  ><img loading=\"lazy\" decoding=\"async\" width=\"2560\" height=\"1920\" src=\"https:\/\/curtavitoriaaminas.com.br\/iv\/wp-content\/uploads\/Foto_Mat1_Site-scaled.jpg\" class=\"attachment-post-thumbnail size-post-thumbnail wp-post-image\" alt=\"Curta Vit\u00f3ria a Minas lan\u00e7a quarta edi\u00e7\u00e3o  do concurso de hist\u00f3rias que viram filmes\" style=\"width:100%;height:100%;object-fit:cover;\" srcset=\"https:\/\/curtavitoriaaminas.com.br\/iv\/wp-content\/uploads\/Foto_Mat1_Site-scaled.jpg 2560w, https:\/\/curtavitoriaaminas.com.br\/iv\/wp-content\/uploads\/Foto_Mat1_Site-300x225.jpg 300w, https:\/\/curtavitoriaaminas.com.br\/iv\/wp-content\/uploads\/Foto_Mat1_Site-1024x768.jpg 1024w, https:\/\/curtavitoriaaminas.com.br\/iv\/wp-content\/uploads\/Foto_Mat1_Site-768x576.jpg 768w, https:\/\/curtavitoriaaminas.com.br\/iv\/wp-content\/uploads\/Foto_Mat1_Site-1536x1152.jpg 1536w, https:\/\/curtavitoriaaminas.com.br\/iv\/wp-content\/uploads\/Foto_Mat1_Site-2048x1536.jpg 2048w\" sizes=\"auto, (max-width: 2560px) 100vw, 2560px\" \/><\/a><\/figure>\n\n\n<div class=\"wp-block-group is-nowrap is-layout-flex wp-container-core-group-is-layout-6c531013 wp-block-group-is-layout-flex\"><h3 style=\"margin-bottom:0px;\" class=\"has-link-color wp-elements-816bb11ed569fe5f33dbcd02e73a18be wp-block-post-title has-text-color has-accent-1-color\"><a href=\"https:\/\/curtavitoriaaminas.com.br\/iv\/curta-vitoria-a-minas-lanca-quarta-edicao-do-concurso-de-historias-que-viram-filmes\/\" target=\"_self\" >Curta Vit\u00f3ria a Minas lan\u00e7a quarta edi\u00e7\u00e3o  do concurso de hist\u00f3rias que viram filmes<\/a><\/h3><\/div>\n\n\n\n\n<div style=\"margin-top:10px;margin-bottom:10px;\" class=\"has-link-color wp-elements-b7c51b0485869613ed9611f6d9b590c9 wp-block-post-date has-text-color has-accent-1-color\"><time datetime=\"2025-07-22T16:59:00+00:00\">22\/07\/2025<\/time><\/div><\/div>\n\n<\/li><\/ul><\/div>\n<\/div><\/div>\n","protected":false},"excerpt":{"rendered":"","protected":false},"author":1,"featured_media":0,"parent":0,"menu_order":0,"comment_status":"closed","ping_status":"closed","template":"","meta":{"_acf_changed":false,"_uag_custom_page_level_css":"","ngg_post_thumbnail":0,"footnotes":""},"class_list":["post-2474","page","type-page","status-publish","hentry"],"acf":[],"uagb_featured_image_src":{"full":false,"thumbnail":false,"medium":false,"medium_large":false,"large":false,"1536x1536":false,"2048x2048":false},"uagb_author_info":{"display_name":"cvmiv_donadosite","author_link":"https:\/\/curtavitoriaaminas.com.br\/iv\/author\/cvmiv_donadosite\/"},"uagb_comment_info":0,"uagb_excerpt":null,"_links":{"self":[{"href":"https:\/\/curtavitoriaaminas.com.br\/iv\/wp-json\/wp\/v2\/pages\/2474","targetHints":{"allow":["GET"]}}],"collection":[{"href":"https:\/\/curtavitoriaaminas.com.br\/iv\/wp-json\/wp\/v2\/pages"}],"about":[{"href":"https:\/\/curtavitoriaaminas.com.br\/iv\/wp-json\/wp\/v2\/types\/page"}],"author":[{"embeddable":true,"href":"https:\/\/curtavitoriaaminas.com.br\/iv\/wp-json\/wp\/v2\/users\/1"}],"replies":[{"embeddable":true,"href":"https:\/\/curtavitoriaaminas.com.br\/iv\/wp-json\/wp\/v2\/comments?post=2474"}],"version-history":[{"count":43,"href":"https:\/\/curtavitoriaaminas.com.br\/iv\/wp-json\/wp\/v2\/pages\/2474\/revisions"}],"predecessor-version":[{"id":2521,"href":"https:\/\/curtavitoriaaminas.com.br\/iv\/wp-json\/wp\/v2\/pages\/2474\/revisions\/2521"}],"wp:attachment":[{"href":"https:\/\/curtavitoriaaminas.com.br\/iv\/wp-json\/wp\/v2\/media?parent=2474"}],"curies":[{"name":"wp","href":"https:\/\/api.w.org\/{rel}","templated":true}]}}